{"id":2730,"date":"2020-12-16T19:10:40","date_gmt":"2020-12-16T17:10:40","guid":{"rendered":"https:\/\/entredosmons.es\/menu-cap-dany\/"},"modified":"2020-12-17T15:17:45","modified_gmt":"2020-12-17T13:17:45","slug":"menu-cap-dany","status":"publish","type":"page","link":"https:\/\/entredosmons.es\/ca\/menu-cap-dany\/","title":{"rendered":"Men\u00fa cap d&#8217;any"},"content":{"rendered":"<p>[et_pb_section fb_built=&#8221;1&#8243; fullwidth=&#8221;on&#8221; admin_label=&#8221;Hero Section&#8221; _builder_version=&#8221;4.4.8&#8243; background_enable_color=&#8221;off&#8221; animation_direction=&#8221;bottom&#8221; custom_css_main_element=&#8221;margin-top: -79px;&#8221;][et_pb_fullwidth_header title=&#8221; ELS NOSTRES PLATS<\/p>\n<hr style%22color:white;%22>&#8221; text_orientation=&#8221;center&#8221; header_fullscreen=&#8221;on&#8221; button_one_text=&#8221;RESERVAR ARA&#8221; button_one_url=&#8221;https:\/\/entredosmons.es\/ca\/reservar\/&#8221; background_overlay_color=&#8221;rgba(0,0,0,0)&#8221; title_font_color=&#8221;#444235&#8243; subhead_font_color=&#8221;#444235&#8243; admin_label=&#8221;Hero&#8221; _builder_version=&#8221;4.4.8&#8243; title_font=&#8221;Abril Fatface||||||||&#8221; title_text_color=&#8221;#ffffff&#8221; title_font_size=&#8221;68px&#8221; content_text_color=&#8221;#000000&#8243; subhead_font=&#8221;Montserrat||||||||&#8221; subhead_text_color=&#8221;#ffffff&#8221; subhead_font_size=&#8221;20px&#8221; subhead_letter_spacing=&#8221;8px&#8221; background_enable_color=&#8221;off&#8221; background_image=&#8221;https:\/\/entredosmons.es\/wp-content\/uploads\/2020\/05\/slider_home-scaled.jpg&#8221; custom_button_one=&#8221;on&#8221; button_one_text_size=&#8221;16px&#8221; button_one_text_color=&#8221;#ffffff&#8221; button_one_border_width=&#8221;2px&#8221; button_one_border_color=&#8221;#ffffff&#8221; button_one_border_radius=&#8221;0px&#8221; button_one_letter_spacing=&#8221;6px&#8221; button_one_font=&#8221;Open Sans||||&#8221; button_one_use_icon=&#8221;off&#8221; min_height=&#8221;620px&#8221; title_font_tablet=&#8221;&#8221; title_font_phone=&#8221;&#8221; title_font_last_edited=&#8221;on|desktop&#8221; title_font_size_tablet=&#8221;55px&#8221; title_font_size_phone=&#8221;40px&#8221; title_font_size_last_edited=&#8221;on|phone&#8221; button_one_letter_spacing_hover=&#8221;10px&#8221; button_one_text_size__hover_enabled=&#8221;off&#8221; button_two_text_size__hover_enabled=&#8221;off&#8221; button_one_text_color__hover_enabled=&#8221;off&#8221; button_two_text_color__hover_enabled=&#8221;off&#8221; button_one_border_width__hover_enabled=&#8221;off&#8221; button_two_border_width__hover_enabled=&#8221;off&#8221; button_one_border_color__hover_enabled=&#8221;off&#8221; button_two_border_color__hover_enabled=&#8221;off&#8221; button_one_border_radius__hover_enabled=&#8221;off&#8221; button_two_border_radius__hover_enabled=&#8221;off&#8221; button_one_letter_spacing__hover_enabled=&#8221;on&#8221; button_one_letter_spacing__hover=&#8221;10px&#8221; button_two_letter_spacing__hover_enabled=&#8221;off&#8221; button_one_bg_color__hover_enabled=&#8221;off&#8221; button_two_bg_color__hover_enabled=&#8221;off&#8221;]<\/p>\n<p style=\"font-size: 18px;\ncolor: white; margin-bottom:20px;\"><br \/>\nUs convidem a deixar-vos portar a la nostra llar de sensacions i emocions.<br \/>\nA assaborir el millor de la cuina catalana i peruana.<br \/>\nBenvinguts al nostre m\u00f3n gastron\u00f2mic\n<\/p>\n<p>[\/et_pb_fullwidth_header][\/et_pb_section][et_pb_section fb_built=&#8221;1&#8243; _builder_version=&#8221;4.4.4&#8243; custom_padding=&#8221;21px||10px|||&#8221;][et_pb_row _builder_version=&#8221;4.4.6&#8243;][et_pb_column type=&#8221;4_4&#8243; _builder_version=&#8221;4.4.6&#8243;][et_pb_image src=&#8221;https:\/\/entredosmons.es\/wp-content\/uploads\/2020\/12\/banner-menu-fin-de-a\u00f1o-catal\u00e0.png&#8221; alt=&#8221;nadal&#8221; title_text=&#8221;banner menu fin de a\u00f1o catal\u00e0&#8221; align=&#8221;center&#8221; _builder_version=&#8221;4.4.9&#8243; border_radii=&#8221;on|1em|1em|1em|1em&#8221;][\/et_pb_image][\/et_pb_column][\/et_pb_row][et_pb_row disabled_on=&#8221;off|off|off&#8221; _builder_version=&#8221;4.4.7&#8243; custom_padding=&#8221;50px|||||&#8221;][et_pb_column type=&#8221;4_4&#8243; _builder_version=&#8221;4.4.4&#8243;][et_pb_accordion _builder_version=&#8221;4.4.9&#8243; toggle_font=&#8221;Abril Fatface||||||||&#8221; toggle_text_align=&#8221;center&#8221; toggle_font_size=&#8221;28px&#8221;][et_pb_accordion_item title=&#8221;         Men\u00fa cap d&#8217;any 2020&#8243; open=&#8221;on&#8221; _builder_version=&#8221;4.4.9&#8243;]<\/p>\n<div style=\"margin-top: 3%; margin-bottom: 3%;\">\n<p style=\"text-align: center; font-size: 18px;\"><strong>Aperitiu<\/strong><\/p>\n<p style=\"text-align: center; font-size: 18px;\">Ostra amb cocona (Tomata Amaz\u00f2nic)<\/p>\n<p style=\"text-align: center; font-size: 18px;\">Mini causa peruana de bou de mar<\/p>\n<p style=\"text-align: center; font-size: 18px;\">Pera de Torroella al vi farcida de foie<\/p>\n<p style=\"text-align: center; font-size: 18px;\">&#8220;Anticucho&#8221; de senglar<\/p>\n<p style=\"text-align: center; font-size: 18px;\">Papada de &#8220;chifera&#8221;<\/p>\n<p style=\"text-align: center; font-size: 18px;\"><strong>Plats<\/strong><\/p>\n<p style=\"text-align: center; font-size: 18px;\">Gamba de Palam\u00f3s amb sabay\u00f3n c\u00edtrica i caviar<\/p>\n<p style=\"text-align: center; font-size: 18px;\">Tataki de ventresca de tonyina amb quinoa i all blanc de coco<\/p>\n<p style=\"text-align: center; font-size: 18px;\">Mero amb reducci\u00f3 de &#8220;chupe&#8221; i clo\u00efses<\/p>\n<p style=\"text-align: center; font-size: 18px;\">Llebre al nostre estil amb t\u00f2fona<\/p>\n<p style=\"text-align: center; font-size: 18px;\"><strong>Postre<\/strong><\/p>\n<p style=\"text-align: center; font-size: 18px;\">T\u00f2fones amb cacao i castanyes<\/p>\n<p style=\"text-align: center; font-size: 18px;\">\n<p style=\"text-align: center;\">Selecci\u00f3 de 7 copes de vi<\/p>\n<p style=\"text-align: center;\">Bossa de cotill\u00f3 i ra\u00efm de la sort<\/p>\n<p style=\"text-align: center;\"><span style=\"font-size: 45px;\">120\u20ac<\/span><br \/> (preu IVA incl\u00f2s)<\/p>\n<\/div>\n<p>[\/et_pb_accordion_item][\/et_pb_accordion][\/et_pb_column][\/et_pb_row][et_pb_row _builder_version=&#8221;4.4.4&#8243; custom_margin=&#8221;|auto|-13px|auto||&#8221; custom_padding=&#8221;||17px|||&#8221;][et_pb_column type=&#8221;4_4&#8243; _builder_version=&#8221;4.4.4&#8243;][et_pb_code _builder_version=&#8221;4.4.4&#8243;]<\/p>\n<hr style=\"color: #8080804d;\">[\/et_pb_code][\/et_pb_column][\/et_pb_row][\/et_pb_section][et_pb_section fb_built=&#8221;1&#8243; fullwidth=&#8221;on&#8221; _builder_version=&#8221;4.4.4&#8243;][et_pb_fullwidth_code _builder_version=&#8221;4.4.6&#8243;][logocarousel id=&#8221;116&#8243;][\/et_pb_fullwidth_code][\/et_pb_section][et_pb_section fb_built=&#8221;1&#8243; _builder_version=&#8221;4.4.4&#8243; custom_padding=&#8221;9px||42px|||&#8221;][et_pb_row _builder_version=&#8221;4.4.4&#8243; custom_margin=&#8221;-19px|auto||auto||&#8221; custom_padding=&#8221;16px|||||&#8221;][et_pb_column type=&#8221;4_4&#8243; _builder_version=&#8221;4.4.4&#8243;][et_pb_code _builder_version=&#8221;4.4.4&#8243; custom_padding=&#8221;17px|||||&#8221;]<\/p>\n<hr style=\"color: #8080804d;\">[\/et_pb_code][\/et_pb_column][\/et_pb_row][\/et_pb_section]<\/p>\n","protected":false},"excerpt":{"rendered":"<p>Us convidem a deixar-vos portar a la nostra llar de sensacions i emocions. A assaborir el millor de la cuina catalana i peruana. Benvinguts al nostre m\u00f3n gastron\u00f2mic Aperitiu Ostra amb cocona (Tomata Amaz\u00f2nic) Mini causa peruana de bou de mar Pera de Torroella al vi farcida de foie &#8220;Anticucho&#8221; de senglar Papada de &#8220;chifera&#8221; [&hellip;]<\/p>\n","protected":false},"author":1,"featured_media":0,"parent":0,"menu_order":0,"comment_status":"closed","ping_status":"closed","template":"","meta":{"_et_pb_use_builder":"on","_et_pb_old_content":"","_et_gb_content_width":"","footnotes":""},"class_list":["post-2730","page","type-page","status-publish","hentry"],"yoast_head":"<!-- This site is optimized with the Yoast SEO plugin v24.8.1 - https:\/\/yoast.com\/wordpress\/plugins\/seo\/ -->\n<title>Men\u00fa cap d&#039;any - Entre dos mons<\/title>\n<meta name=\"robots\" content=\"index, follow, max-snippet:-1, max-image-preview:large, max-video-preview:-1\" \/>\n<link rel=\"canonical\" href=\"https:\/\/entredosmons.es\/ca\/menu-cap-dany\/\" \/>\n<meta property=\"og:locale\" content=\"ca_ES\" \/>\n<meta property=\"og:type\" content=\"article\" \/>\n<meta property=\"og:title\" content=\"Men\u00fa cap d&#039;any - Entre dos mons\" \/>\n<meta property=\"og:description\" content=\"Us convidem a deixar-vos portar a la nostra llar de sensacions i emocions. A assaborir el millor de la cuina catalana i peruana. Benvinguts al nostre m\u00f3n gastron\u00f2mic Aperitiu Ostra amb cocona (Tomata Amaz\u00f2nic) Mini causa peruana de bou de mar Pera de Torroella al vi farcida de foie &quot;Anticucho&quot; de senglar Papada de &quot;chifera&quot; [&hellip;]\" \/>\n<meta property=\"og:url\" content=\"https:\/\/entredosmons.es\/ca\/menu-cap-dany\/\" \/>\n<meta property=\"og:site_name\" content=\"Entre dos mons\" \/>\n<meta property=\"article:modified_time\" content=\"2020-12-17T13:17:45+00:00\" \/>\n<meta name=\"twitter:card\" content=\"summary_large_image\" \/>\n<meta name=\"twitter:label1\" content=\"Temps estimat de lectura\" \/>\n\t<meta name=\"twitter:data1\" content=\"3 minuts\" \/>\n<script type=\"application\/ld+json\" class=\"yoast-schema-graph\">{\"@context\":\"https:\/\/schema.org\",\"@graph\":[{\"@type\":\"WebPage\",\"@id\":\"https:\/\/entredosmons.es\/ca\/menu-cap-dany\/\",\"url\":\"https:\/\/entredosmons.es\/ca\/menu-cap-dany\/\",\"name\":\"Men\u00fa cap d'any - Entre dos mons\",\"isPartOf\":{\"@id\":\"https:\/\/entredosmons.es\/#website\"},\"datePublished\":\"2020-12-16T17:10:40+00:00\",\"dateModified\":\"2020-12-17T13:17:45+00:00\",\"breadcrumb\":{\"@id\":\"https:\/\/entredosmons.es\/ca\/menu-cap-dany\/#breadcrumb\"},\"inLanguage\":\"ca\",\"potentialAction\":[{\"@type\":\"ReadAction\",\"target\":[\"https:\/\/entredosmons.es\/ca\/menu-cap-dany\/\"]}]},{\"@type\":\"BreadcrumbList\",\"@id\":\"https:\/\/entredosmons.es\/ca\/menu-cap-dany\/#breadcrumb\",\"itemListElement\":[{\"@type\":\"ListItem\",\"position\":1,\"name\":\"Portada\",\"item\":\"https:\/\/entredosmons.es\/\"},{\"@type\":\"ListItem\",\"position\":2,\"name\":\"Men\u00fa cap d&#8217;any\"}]},{\"@type\":\"WebSite\",\"@id\":\"https:\/\/entredosmons.es\/#website\",\"url\":\"https:\/\/entredosmons.es\/\",\"name\":\"Entre dos mons\",\"description\":\"Gastro fusi\u00f3\",\"potentialAction\":[{\"@type\":\"SearchAction\",\"target\":{\"@type\":\"EntryPoint\",\"urlTemplate\":\"https:\/\/entredosmons.es\/?s={search_term_string}\"},\"query-input\":{\"@type\":\"PropertyValueSpecification\",\"valueRequired\":true,\"valueName\":\"search_term_string\"}}],\"inLanguage\":\"ca\"}]}<\/script>\n<!-- \/ Yoast SEO plugin. -->","yoast_head_json":{"title":"Men\u00fa cap d'any - Entre dos mons","robots":{"index":"index","follow":"follow","max-snippet":"max-snippet:-1","max-image-preview":"max-image-preview:large","max-video-preview":"max-video-preview:-1"},"canonical":"https:\/\/entredosmons.es\/ca\/menu-cap-dany\/","og_locale":"ca_ES","og_type":"article","og_title":"Men\u00fa cap d'any - Entre dos mons","og_description":"Us convidem a deixar-vos portar a la nostra llar de sensacions i emocions. A assaborir el millor de la cuina catalana i peruana. Benvinguts al nostre m\u00f3n gastron\u00f2mic Aperitiu Ostra amb cocona (Tomata Amaz\u00f2nic) Mini causa peruana de bou de mar Pera de Torroella al vi farcida de foie \"Anticucho\" de senglar Papada de \"chifera\" [&hellip;]","og_url":"https:\/\/entredosmons.es\/ca\/menu-cap-dany\/","og_site_name":"Entre dos mons","article_modified_time":"2020-12-17T13:17:45+00:00","twitter_card":"summary_large_image","twitter_misc":{"Temps estimat de lectura":"3 minuts"},"schema":{"@context":"https:\/\/schema.org","@graph":[{"@type":"WebPage","@id":"https:\/\/entredosmons.es\/ca\/menu-cap-dany\/","url":"https:\/\/entredosmons.es\/ca\/menu-cap-dany\/","name":"Men\u00fa cap d'any - Entre dos mons","isPartOf":{"@id":"https:\/\/entredosmons.es\/#website"},"datePublished":"2020-12-16T17:10:40+00:00","dateModified":"2020-12-17T13:17:45+00:00","breadcrumb":{"@id":"https:\/\/entredosmons.es\/ca\/menu-cap-dany\/#breadcrumb"},"inLanguage":"ca","potentialAction":[{"@type":"ReadAction","target":["https:\/\/entredosmons.es\/ca\/menu-cap-dany\/"]}]},{"@type":"BreadcrumbList","@id":"https:\/\/entredosmons.es\/ca\/menu-cap-dany\/#breadcrumb","itemListElement":[{"@type":"ListItem","position":1,"name":"Portada","item":"https:\/\/entredosmons.es\/"},{"@type":"ListItem","position":2,"name":"Men\u00fa cap d&#8217;any"}]},{"@type":"WebSite","@id":"https:\/\/entredosmons.es\/#website","url":"https:\/\/entredosmons.es\/","name":"Entre dos mons","description":"Gastro fusi\u00f3","potentialAction":[{"@type":"SearchAction","target":{"@type":"EntryPoint","urlTemplate":"https:\/\/entredosmons.es\/?s={search_term_string}"},"query-input":{"@type":"PropertyValueSpecification","valueRequired":true,"valueName":"search_term_string"}}],"inLanguage":"ca"}]}},"_links":{"self":[{"href":"https:\/\/entredosmons.es\/ca\/wp-json\/wp\/v2\/pages\/2730","targetHints":{"allow":["GET"]}}],"collection":[{"href":"https:\/\/entredosmons.es\/ca\/wp-json\/wp\/v2\/pages"}],"about":[{"href":"https:\/\/entredosmons.es\/ca\/wp-json\/wp\/v2\/types\/page"}],"author":[{"embeddable":true,"href":"https:\/\/entredosmons.es\/ca\/wp-json\/wp\/v2\/users\/1"}],"replies":[{"embeddable":true,"href":"https:\/\/entredosmons.es\/ca\/wp-json\/wp\/v2\/comments?post=2730"}],"version-history":[{"count":7,"href":"https:\/\/entredosmons.es\/ca\/wp-json\/wp\/v2\/pages\/2730\/revisions"}],"predecessor-version":[{"id":2846,"href":"https:\/\/entredosmons.es\/ca\/wp-json\/wp\/v2\/pages\/2730\/revisions\/2846"}],"wp:attachment":[{"href":"https:\/\/entredosmons.es\/ca\/wp-json\/wp\/v2\/media?parent=2730"}],"curies":[{"name":"wp","href":"https:\/\/api.w.org\/{rel}","templated":true}]}}